{"id":29,"date":"2023-09-30T19:18:46","date_gmt":"2023-09-30T17:18:46","guid":{"rendered":"https:\/\/crechedesmerveilles.fr\/?page_id=29"},"modified":"2024-04-21T18:04:11","modified_gmt":"2024-04-21T16:04:11","slug":"accueil","status":"publish","type":"page","link":"https:\/\/crechedesmerveilles.fr\/","title":{"rendered":"Accueil"},"content":{"rendered":"\n<p class=\"has-text-align-center\"><\/p>\n\n\n\n<p>Les micro-cr\u00e8ches, Les Merveilles, sont situ\u00e9es sur les communes de Gagnac-sur-Garonne (31150), Saint-Jory (31790), de Montaigut sur Save (31530) et de C\u00e9pet (31620).<br>Elles accueillent chacune entre 10 et 12 enfants, \u00e2g\u00e9s de 10 semaines minimum jusqu&rsquo;\u00e0 l&rsquo;entr\u00e9e \u00e0 l&rsquo;\u00e9cole.<\/p>\n\n\n\n<iframe src=\"https:\/\/storage.googleapis.com\/maps-solutions-ukvgrqoipf\/locator-plus\/9fl2\/locator-plus.html\"\n  width=\"100%\" height=500\n  style=\"border:0;\"\n  loading=\"lazy\">\n<\/iframe>\n\n\n\n<hr class=\"wp-block-separator has-alpha-channel-opacity\"\/>\n\n\n\n<h2 class=\"wp-block-heading\">Nos valeurs<\/h2>\n\n\n\n<p>Nos valeurs sont de favoriser l\u2019autonomie de l\u2019enfant et de favoriser l\u2019estime de soi. L\u2019\u00e9ducation bienveillante sera notre base pour les projets et les activit\u00e9s propos\u00e9s aux enfants.<\/p>\n\n\n\n<h2 class=\"wp-block-heading\">Micro-cr\u00e8che<\/h2>\n\n\n\n<p>Une micro-cr\u00e8che est \u00e0 mi-chemin entre un accueil collectif et un accueil individuel. Elle permet d\u2019accueillir 10 enfants simultan\u00e9ment, associant les<br>avantages des structures d\u2019accueil collectif comme la socialisation de l\u2019enfant et ceux de la garde individuelle comme la prise en charge<br>personnalis\u00e9e. Tr\u00e8s bon compromis entre l\u2019assistante maternelle et la cr\u00e8che, l\u2019enfant se socialise sereinement et s\u2019habitue \u00e0 c\u00f4toyer diff\u00e9rents<br>adultes ainsi que plusieurs enfants sans pour autant \u00eatre \u00ab perdu \u00bb dans une trop grande collectivit\u00e9.<\/p>\n\n\n\n<p><br>Notre petite structure permet donc un accueil familial pour que les enfants se sentent en s\u00e9curit\u00e9, dans un esprit \u00ab comme \u00e0 la maison \u00bb. Nous<br>r\u00e9pondons n\u00e9anmoins aux m\u00eames normes strictes d\u2019hygi\u00e8ne et de s\u00e9curit\u00e9 de la petite enfance qu&rsquo;une grande cr\u00e8che et recevons l\u2019agr\u00e9ment de la<br>Protection Maternelle et Infantile du d\u00e9partement.<\/p>\n\n\n\n<p><br>Sont donc regroup\u00e9s dans une micro-cr\u00e8che tous les avantages de la cr\u00e8che collective sans les inconv\u00e9nients ! Un lieu de vie confortable, s\u00e9curis\u00e9 et<br>s\u00e9curisant, des professionnels de la petite enfance comp\u00e9tents et attentifs aux besoins de chacun des enfants.<\/p>\n\n\n\n<hr class=\"wp-block-separator has-alpha-channel-opacity\"\/>\n\n\n\n<h2 class=\"wp-block-heading\">Inscription<\/h2>\n\n\n\n<p>Pour vous inscrire dans une de nos micro-cr\u00e8ches (C\u00e9pet, Gagnac sur Garonne, Montaigut sur Save ou Saint-Jory) vous pouvez remplir le formulaire ci-dessous.<\/p>\n\n\n\n<iframe loading=\"lazy\" src=\"https:\/\/les-merveilles-de-gagnac.meeko.site\/iframe\/registration\/none\" width=\"100%\" height=\"1300px\" frameborder=\"1\" scrolling=\"yes\" align=\"center\"> <\/iframe>\n","protected":false},"excerpt":{"rendered":"<p>Les micro-cr\u00e8ches, Les Merveilles, sont situ\u00e9es sur les communes de Gagnac-sur-Garonne (31150), Saint-Jory (31790), de Montaigut sur Save (31530) et de C\u00e9pet (31620).Elles accueillent chacune entre 10 et 12 enfants, \u00e2g\u00e9s de 10 semaines minimum jusqu&rsquo;\u00e0 l&rsquo;entr\u00e9e \u00e0 l&rsquo;\u00e9cole. Nos valeurs Nos valeurs sont de favoriser l\u2019autonomie de l\u2019enfant et de favoriser l\u2019estime de soi.&hellip; <a class=\"more-link\" href=\"https:\/\/crechedesmerveilles.fr\/\">Poursuivre la lecture <span class=\"screen-reader-text\">Accueil<\/span><\/a><\/p>\n","protected":false},"author":1,"featured_media":0,"parent":0,"menu_order":0,"comment_status":"closed","ping_status":"closed","template":"","meta":{"footnotes":""},"class_list":["post-29","page","type-page","status-publish","hentry","entry"],"_links":{"self":[{"href":"https:\/\/crechedesmerveilles.fr\/index.php?rest_route=\/wp\/v2\/pages\/29","targetHints":{"allow":["GET"]}}],"collection":[{"href":"https:\/\/crechedesmerveilles.fr\/index.php?rest_route=\/wp\/v2\/pages"}],"about":[{"href":"https:\/\/crechedesmerveilles.fr\/index.php?rest_route=\/wp\/v2\/types\/page"}],"author":[{"embeddable":true,"href":"https:\/\/crechedesmerveilles.fr\/index.php?rest_route=\/wp\/v2\/users\/1"}],"replies":[{"embeddable":true,"href":"https:\/\/crechedesmerveilles.fr\/index.php?rest_route=%2Fwp%2Fv2%2Fcomments&post=29"}],"version-history":[{"count":12,"href":"https:\/\/crechedesmerveilles.fr\/index.php?rest_route=\/wp\/v2\/pages\/29\/revisions"}],"predecessor-version":[{"id":53,"href":"https:\/\/crechedesmerveilles.fr\/index.php?rest_route=\/wp\/v2\/pages\/29\/revisions\/53"}],"wp:attachment":[{"href":"https:\/\/crechedesmerveilles.fr\/index.php?rest_route=%2Fwp%2Fv2%2Fmedia&parent=29"}],"curies":[{"name":"wp","href":"https:\/\/api.w.org\/{rel}","templated":true}]}}